{"id":71,"date":"2026-03-04T21:18:25","date_gmt":"2026-03-04T21:18:25","guid":{"rendered":"http:\/\/tvaremetylovic.cz\/?page_id=71"},"modified":"2026-03-06T18:48:11","modified_gmt":"2026-03-06T18:48:11","slug":"podekovani","status":"publish","type":"page","link":"https:\/\/tvaremetylovic.cz\/?page_id=71","title":{"rendered":"Pod\u011bkov\u00e1n\u00ed"},"content":{"rendered":"\n<p class=\"wp-block-paragraph\">Realizace tohoto projektu by nebyla mo\u017en\u00e1 bez \u0161t\u011bdr\u00e9 podpory a pomoci mnoha lid\u00ed i instituc\u00ed. R\u00e1di bychom touto cestou vyj\u00e1d\u0159ili vd\u011b\u010dnost v\u0161em, kte\u0159\u00ed n\u00e1m pomohli vdechnout projektu \u017eivot.<\/p>\n\n\n\n<h2 class=\"wp-block-heading\">Instituce a prostory<\/h2>\n\n\n\n<p class=\"wp-block-paragraph\">Na\u0161e velk\u00e9 pod\u011bkov\u00e1n\u00ed za poskytnut\u00ed z\u00e1zem\u00ed a prostor pro nat\u00e1\u010den\u00ed pat\u0159\u00ed:<\/p>\n\n\n\n<ul class=\"wp-block-list\">\n<li><strong>TJ Sokol Metylovice<\/strong><\/li>\n\n\n\n<li><strong>SDH Metylovice<\/strong><\/li>\n\n\n\n<li><strong>Obecn\u00ed \u00fa\u0159ad Metylovice<\/strong><\/li>\n<\/ul>\n\n\n\n<h2 class=\"wp-block-heading\">Realiza\u010dn\u00ed t\u00fdm<\/h2>\n\n\n\n<p class=\"wp-block-paragraph\">Bez nasazen\u00ed konkr\u00e9tn\u00edch lid\u00ed by v\u00fdsledek nebyl takov\u00fd, jak\u00fd je:<\/p>\n\n\n\n<ul class=\"wp-block-list\">\n<li><strong>Jakub Farn\u00fd<\/strong> &#8211; kameraman a tv\u016frce projektu<\/li>\n\n\n\n<li><strong>Ren\u00e1t\u011b Spustov\u00e9<\/strong>&nbsp;d\u011bkujeme za ob\u011btavou p\u0159\u00edpravu rozhovor\u016f a profesion\u00e1ln\u00ed moderov\u00e1n\u00ed cel\u00e9ho po\u0159adu.<\/li>\n\n\n\n<li><strong>Jirkovi Bartkovi<\/strong>&nbsp;pat\u0159\u00ed d\u00edk za dokumentaci nat\u00e1\u010den\u00ed a skv\u011bl\u00e9 fotografie.<\/li>\n\n\n\n<li><strong>Ivanu Va\u0161kovi<\/strong>&nbsp;d\u011bkujeme za zap\u016fj\u010den\u00ed technick\u00e9ho vybaven\u00ed \u2013 sv\u011btel a stativ\u016f.<\/li>\n<\/ul>\n\n\n\n<h2 class=\"wp-block-heading\">Osobn\u00ed pod\u011bkov\u00e1n\u00ed<\/h2>\n\n\n\n<p class=\"wp-block-paragraph\">V neposledn\u00ed \u0159ad\u011b pat\u0159\u00ed m\u00e9 nejv\u011bt\u0161\u00ed pod\u011bkov\u00e1n\u00ed m\u00e9 man\u017eelce&nbsp;<strong>Monice<\/strong>. D\u011bkuji za tvou nekone\u010dnou trp\u011blivost, toleranci a podporu, kterou mi v\u011bnuje\u0161 p\u0159i v\u0161ech m\u00fdch (\u010dasto nekone\u010dn\u00fdch) projektech.<\/p>\n","protected":false},"excerpt":{"rendered":"<p>Realizace tohoto projektu by nebyla mo\u017en\u00e1 bez \u0161t\u011bdr\u00e9 podpory a pomoci mnoha lid\u00ed i instituc\u00ed. R\u00e1di bychom touto cestou vyj\u00e1d\u0159ili vd\u011b\u010dnost v\u0161em, kte\u0159\u00ed n\u00e1m pomohli vdechnout projektu \u017eivot. Instituce a prostory Na\u0161e velk\u00e9 pod\u011bkov\u00e1n\u00ed za poskytnut\u00ed z\u00e1zem\u00ed a prostor pro nat\u00e1\u010den\u00ed pat\u0159\u00ed: Realiza\u010dn\u00ed t\u00fdm Bez nasazen\u00ed konkr\u00e9tn\u00edch lid\u00ed by v\u00fdsledek nebyl takov\u00fd, jak\u00fd je: Osobn\u00ed pod\u011bkov\u00e1n\u00ed V neposledn\u00ed \u0159ad\u011b pat\u0159\u00ed m\u00e9 nejv\u011bt\u0161\u00ed pod\u011bkov\u00e1n\u00ed m\u00e9 man\u017eelce&nbsp;Monice. D\u011bkuji za tvou nekone\u010dnou trp\u011blivost, toleranci a podporu, kterou mi v\u011bnuje\u0161 p\u0159i v\u0161ech m\u00fdch (\u010dasto nekone\u010dn\u00fdch) projektech.<\/p>\n","protected":false},"author":1,"featured_media":0,"parent":0,"menu_order":0,"comment_status":"closed","ping_status":"closed","template":"","meta":{"footnotes":""},"class_list":["post-71","page","type-page","status-publish","hentry"],"_links":{"self":[{"href":"https:\/\/tvaremetylovic.cz\/index.php?rest_route=\/wp\/v2\/pages\/71","targetHints":{"allow":["GET"]}}],"collection":[{"href":"https:\/\/tvaremetylovic.cz\/index.php?rest_route=\/wp\/v2\/pages"}],"about":[{"href":"https:\/\/tvaremetylovic.cz\/index.php?rest_route=\/wp\/v2\/types\/page"}],"author":[{"embeddable":true,"href":"https:\/\/tvaremetylovic.cz\/index.php?rest_route=\/wp\/v2\/users\/1"}],"replies":[{"embeddable":true,"href":"https:\/\/tvaremetylovic.cz\/index.php?rest_route=%2Fwp%2Fv2%2Fcomments&post=71"}],"version-history":[{"count":2,"href":"https:\/\/tvaremetylovic.cz\/index.php?rest_route=\/wp\/v2\/pages\/71\/revisions"}],"predecessor-version":[{"id":84,"href":"https:\/\/tvaremetylovic.cz\/index.php?rest_route=\/wp\/v2\/pages\/71\/revisions\/84"}],"wp:attachment":[{"href":"https:\/\/tvaremetylovic.cz\/index.php?rest_route=%2Fwp%2Fv2%2Fmedia&parent=71"}],"curies":[{"name":"wp","href":"https:\/\/api.w.org\/{rel}","templated":true}]}}